{"id":6651,"date":"2026-04-08T14:59:11","date_gmt":"2026-04-08T11:59:11","guid":{"rendered":"https:\/\/diter.com\/?page_id=6651"},"modified":"2026-04-09T11:58:42","modified_gmt":"2026-04-09T08:58:42","slug":"olen-ostamassa","status":"publish","type":"page","link":"https:\/\/diter.com\/en\/laitteet\/kaytetyt-laitteet\/olen-ostamassa\/","title":{"rendered":"Olen ostamassa"},"content":{"rendered":"<div id=\"pl-6651\"  class=\"panel-layout\" ><div id=\"pg-6651-0\"  class=\"panel-grid panel-no-style\" ><div id=\"pgc-6651-0-0\"  class=\"panel-grid-cell\" ><div id=\"panel-6651-0-0-0\" class=\"so-panel widget widget_black-studio-tinymce widget_black_studio_tinymce panel-first-child panel-last-child\" data-index=\"0\" ><h3 class=\"widget-title\">Harkitsetko Ditelle-laitteen ostamista k\u00e4ytettyn\u00e4?<\/h3><div class=\"textwidget\"><p>Alla l\u00f6yd\u00e4t t\u00e4m\u00e4n hetkiset myynniss\u00e4\/v\u00e4lityksess\u00e4 olevat laitteemme. Lis\u00e4tiedot voi kysy\u00e4 suoraan myyj\u00e4lt\u00e4.<\/p>\n<p>Laitteiden mahdolliset ennalta ilmoitetut hinnat ovat alv 0% hintoja.<br \/>\nWe offer <strong>three (3) month warranty for our serviced used devices.<\/strong> k\u00e4ytetyille laitteillemme, mik\u00e4li laite tulee meille huoltoon ja tarkistukseen ennen omistajan vaihtumista.<br \/>\nMik\u00e4li laitteen kohdalla lukee *tarjouskauppa* saa laiteesta esitt\u00e4\u00e4 vapaasti tarjouksia.<\/p>\n<p><strong>Huom! Laitteiden yhteydess\u00e4 ilmoitettavat hinnat eiv\u00e4t sis\u00e4ll\u00e4 koulutusta.<\/p>\n<p><\/strong><a href=\"https:\/\/diter.com\/en\/laitteet\/kaytetyt-laitteet\/\">Lis\u00e4\u00e4 tietoa k\u00e4ytettyjen laitteiden koulutuksista<\/a><\/p>\n<div class=\"entry-content clearfix\">\n<hr \/>\n<p>&nbsp;<\/p><\/div>\n<\/div><\/div><\/div><\/div><div id=\"pg-6651-1\"  class=\"panel-grid panel-no-style\" ><div id=\"pgc-6651-1-0\"  class=\"panel-grid-cell\" ><div id=\"panel-6651-1-0-0\" class=\"so-panel widget widget_black-studio-tinymce widget_black_studio_tinymce panel-first-child panel-last-child\" data-index=\"1\" ><h3 class=\"widget-title\">On behalf of our customers<\/h3><div class=\"textwidget\"><p><strong>D4 Combi (myyntiin 9.4.2026)<\/strong><\/p>\n<p><img loading=\"lazy\" decoding=\"async\" class=\"alignnone size-thumbnail wp-image-6663\" src=\"https:\/\/diter.com\/wp-content\/uploads\/2026\/04\/D4sCombi-150x150.jpg\" alt=\"\" width=\"150\" height=\"150\" srcset=\"https:\/\/diter.com\/wp-content\/uploads\/2026\/04\/D4sCombi-150x150.jpg 150w, https:\/\/diter.com\/wp-content\/uploads\/2026\/04\/D4sCombi-45x45.jpg 45w\" sizes=\"auto, (max-width: 150px) 100vw, 150px\" \/><\/p>\n<p>Yhteydenotot ja kyselyt<strong>:\u00a0p. 0400 981919 tai lehtis61@gmail.com<\/strong><\/p>\n<hr \/>\n<p><strong>DitLaser + extra pitk\u00e4ll\u00e4 hoitop\u00e4\u00e4n kaapelilla (myyntiin 8.1.2026)<br \/>\n<\/strong><\/p>\n<p><img loading=\"lazy\" decoding=\"async\" class=\"alignnone size-thumbnail wp-image-6531\" src=\"https:\/\/diter.com\/wp-content\/uploads\/2026\/01\/DitLaser-hevostenhoitoon-150x150.jpeg\" alt=\"\" width=\"150\" height=\"150\" srcset=\"https:\/\/diter.com\/wp-content\/uploads\/2026\/01\/DitLaser-hevostenhoitoon-150x150.jpeg 150w, https:\/\/diter.com\/wp-content\/uploads\/2026\/01\/DitLaser-hevostenhoitoon-45x45.jpeg 45w\" sizes=\"auto, (max-width: 150px) 100vw, 150px\" \/><\/p>\n<p>Yhteydenotot ja kyselyt s\u00e4hk\u00f6postitse: <strong>anna.suojanen@outlook.com tai 040 357984<\/strong><\/p>\n<hr \/>\n<p><strong>Ditelle Duo (myyntiin 12.9.2025)<br \/>\n<\/strong><\/p>\n<p><img loading=\"lazy\" decoding=\"async\" class=\"alignnone wp-image-6515 size-thumbnail\" src=\"https:\/\/diter.com\/wp-content\/uploads\/2025\/09\/DitelleDuo-150x150.jpeg\" alt=\"\" width=\"150\" height=\"150\" srcset=\"https:\/\/diter.com\/wp-content\/uploads\/2025\/09\/DitelleDuo-150x150.jpeg 150w, https:\/\/diter.com\/wp-content\/uploads\/2025\/09\/DitelleDuo-11x12.jpeg 11w, https:\/\/diter.com\/wp-content\/uploads\/2025\/09\/DitelleDuo-45x45.jpeg 45w\" sizes=\"auto, (max-width: 150px) 100vw, 150px\" \/><\/p>\n<p>Yhteydenotot ja kyselyt s\u00e4hk\u00f6postitse: <strong>tea.kukkonen@gmail.com<\/strong><\/p>\n<hr \/>\n<p><strong>DitLaser kahdella hoitop\u00e4\u00e4ll\u00e4 (myyntiin 16.01.2025)<br \/>\n<\/strong><\/p>\n<p><img loading=\"lazy\" decoding=\"async\" class=\"alignnone wp-image-6511 size-thumbnail\" src=\"https:\/\/diter.com\/wp-content\/uploads\/2025\/08\/dit-laser-rosmarinus-150x150.jpg\" alt=\"\" width=\"150\" height=\"150\" srcset=\"https:\/\/diter.com\/wp-content\/uploads\/2025\/08\/dit-laser-rosmarinus-150x150.jpg 150w, https:\/\/diter.com\/wp-content\/uploads\/2025\/08\/dit-laser-rosmarinus-300x300.jpg 300w, https:\/\/diter.com\/wp-content\/uploads\/2025\/08\/dit-laser-rosmarinus-1024x1024.jpg 1024w, https:\/\/diter.com\/wp-content\/uploads\/2025\/08\/dit-laser-rosmarinus-768x768.jpg 768w, https:\/\/diter.com\/wp-content\/uploads\/2025\/08\/dit-laser-rosmarinus-1536x1536.jpg 1536w, https:\/\/diter.com\/wp-content\/uploads\/2025\/08\/dit-laser-rosmarinus-2048x2048.jpg 2048w, https:\/\/diter.com\/wp-content\/uploads\/2025\/08\/dit-laser-rosmarinus-12x12.jpg 12w, https:\/\/diter.com\/wp-content\/uploads\/2025\/08\/dit-laser-rosmarinus-45x45.jpg 45w\" sizes=\"auto, (max-width: 150px) 100vw, 150px\" \/><\/p>\n<p>Yhteydenotot ja kyselyt s\u00e4hk\u00f6postitse: <strong>rosmarinus@sposti.net<\/strong><\/p>\n<hr \/>\n<p><strong>Ditelle RF (myyntiin 23.02.2024)<br \/>\n<\/strong><\/p>\n<p><img loading=\"lazy\" decoding=\"async\" class=\"alignnone size-thumbnail wp-image-6324\" src=\"https:\/\/diter.com\/wp-content\/uploads\/2024\/02\/Ditelle-RF-150x150.jpeg\" alt=\"\" width=\"150\" height=\"150\" srcset=\"https:\/\/diter.com\/wp-content\/uploads\/2024\/02\/Ditelle-RF-150x150.jpeg 150w, https:\/\/diter.com\/wp-content\/uploads\/2024\/02\/Ditelle-RF-45x45.jpeg 45w\" sizes=\"auto, (max-width: 150px) 100vw, 150px\" \/><\/p>\n<p>Yhteydenotot ja kyselyt s\u00e4hk\u00f6postitse: aaren@kauneusaaren.fi<\/p>\n<hr \/>\n<p><strong>Diter D4 Combi (for sale 16.10.2023)<br \/>\n<\/strong><\/p>\n<p><img loading=\"lazy\" decoding=\"async\" class=\"alignnone size-thumbnail wp-image-6258\" src=\"https:\/\/diter.com\/wp-content\/uploads\/2023\/10\/D4s-Combi-150x150.jpg\" alt=\"\" width=\"150\" height=\"150\" srcset=\"https:\/\/diter.com\/wp-content\/uploads\/2023\/10\/D4s-Combi-150x150.jpg 150w, https:\/\/diter.com\/wp-content\/uploads\/2023\/10\/D4s-Combi-300x300.jpg 300w, https:\/\/diter.com\/wp-content\/uploads\/2023\/10\/D4s-Combi-1024x1024.jpg 1024w, https:\/\/diter.com\/wp-content\/uploads\/2023\/10\/D4s-Combi-768x768.jpg 768w, https:\/\/diter.com\/wp-content\/uploads\/2023\/10\/D4s-Combi-1536x1536.jpg 1536w, https:\/\/diter.com\/wp-content\/uploads\/2023\/10\/D4s-Combi-2048x2048.jpg 2048w, https:\/\/diter.com\/wp-content\/uploads\/2023\/10\/D4s-Combi-12x12.jpg 12w, https:\/\/diter.com\/wp-content\/uploads\/2023\/10\/D4s-Combi-45x45.jpg 45w\" sizes=\"auto, (max-width: 150px) 100vw, 150px\" \/><\/p>\n<p>Contacts and inquiries by phone or email: <span style=\"color: #000000; font-family: Arial;\">0407402230 \/ piika.vainio@gmail.com<\/span><\/p>\n<hr \/>\n<p><strong>Diter D4i Combi (for sale 28.9.2023)<br \/>\n<\/strong><\/p>\n<p><img loading=\"lazy\" decoding=\"async\" class=\"alignnone size-thumbnail wp-image-6228\" src=\"https:\/\/diter.com\/wp-content\/uploads\/2023\/09\/D4i-Combi-150x150.jpg\" alt=\"\" width=\"150\" height=\"150\" srcset=\"https:\/\/diter.com\/wp-content\/uploads\/2023\/09\/D4i-Combi-150x150.jpg 150w, https:\/\/diter.com\/wp-content\/uploads\/2023\/09\/D4i-Combi-45x45.jpg 45w\" sizes=\"auto, (max-width: 150px) 100vw, 150px\" \/><\/p>\n<p>Contact and inquiries via e-mail: elena_kangasoja@hotmail.com<\/p>\n<hr \/>\n<p><strong>Ditelle Ionto (for sale 16.06.2023)<br \/>\n<\/strong><\/p>\n<p><img loading=\"lazy\" decoding=\"async\" class=\"alignnone size-thumbnail wp-image-5965\" src=\"https:\/\/diter.com\/wp-content\/uploads\/2023\/06\/ionto-2023-150x150.jpeg\" alt=\"\" width=\"150\" height=\"150\" srcset=\"https:\/\/diter.com\/wp-content\/uploads\/2023\/06\/ionto-2023-150x150.jpeg 150w, https:\/\/diter.com\/wp-content\/uploads\/2023\/06\/ionto-2023-45x45.jpeg 45w\" sizes=\"auto, (max-width: 150px) 100vw, 150px\" \/><\/p>\n<p>Contacts and inquiries by phone: 0413119935 or by email: abdulef263@gmail.com<\/p>\n<hr \/>\n<p><strong>Ditelle 900 &amp; DitLaser and device rack (for sale 20.1.2023)<br \/>\n<\/strong><\/p>\n<p><figure id=\"attachment_5461\" class=\"thumbnail wp-caption alignnone\" style=\"width: 185px\"><img loading=\"lazy\" decoding=\"async\" class=\"size-medium wp-image-5461\" src=\"https:\/\/diter.com\/wp-content\/uploads\/2023\/01\/Ditelle-900-185x300.jpg\" alt=\"\" width=\"185\" height=\"300\" srcset=\"https:\/\/diter.com\/wp-content\/uploads\/2023\/01\/Ditelle-900-185x300.jpg 185w, https:\/\/diter.com\/wp-content\/uploads\/2023\/01\/Ditelle-900-632x1024.jpg 632w, https:\/\/diter.com\/wp-content\/uploads\/2023\/01\/Ditelle-900-768x1245.jpg 768w, https:\/\/diter.com\/wp-content\/uploads\/2023\/01\/Ditelle-900-947x1536.jpg 947w, https:\/\/diter.com\/wp-content\/uploads\/2023\/01\/Ditelle-900-1263x2048.jpg 1263w, https:\/\/diter.com\/wp-content\/uploads\/2023\/01\/Ditelle-900.jpg 1373w\" sizes=\"auto, (max-width: 185px) 100vw, 185px\" \/><figcaption class=\"caption wp-caption-text\">*auction*<\/figcaption><\/figure><\/p>\n<p>Yhteydenotot ja kyselyt s\u00e4hk\u00f6postitse: outialehtinen@gmail.com<\/p>\n<hr \/>\n<p><strong>Ultrasonic S3000<br \/>\n<\/strong><\/p>\n<p><a href=\"https:\/\/diter.com\/wp-content\/uploads\/2022\/03\/IMG_20220222_145915-scaled.jpg\"><img loading=\"lazy\" decoding=\"async\" class=\"size-medium wp-image-5077 alignnone\" src=\"https:\/\/diter.com\/wp-content\/uploads\/2022\/03\/IMG_20220222_145915-300x174.jpg\" alt=\"\" width=\"300\" height=\"174\" srcset=\"https:\/\/diter.com\/wp-content\/uploads\/2022\/03\/IMG_20220222_145915-300x174.jpg 300w, https:\/\/diter.com\/wp-content\/uploads\/2022\/03\/IMG_20220222_145915-1024x594.jpg 1024w, https:\/\/diter.com\/wp-content\/uploads\/2022\/03\/IMG_20220222_145915-768x445.jpg 768w, https:\/\/diter.com\/wp-content\/uploads\/2022\/03\/IMG_20220222_145915-1536x891.jpg 1536w, https:\/\/diter.com\/wp-content\/uploads\/2022\/03\/IMG_20220222_145915-2048x1187.jpg 2048w\" sizes=\"auto, (max-width: 300px) 100vw, 300px\" \/><\/a><\/p>\n<p><strong>Interference Dit-83<\/strong><\/p>\n<p><a href=\"https:\/\/diter.com\/wp-content\/uploads\/2022\/03\/IMG_20220222_145944-scaled.jpg\"><img loading=\"lazy\" decoding=\"async\" class=\"size-medium wp-image-5078 alignnone\" src=\"https:\/\/diter.com\/wp-content\/uploads\/2022\/03\/IMG_20220222_145944-300x184.jpg\" alt=\"\" width=\"300\" height=\"184\" srcset=\"https:\/\/diter.com\/wp-content\/uploads\/2022\/03\/IMG_20220222_145944-300x184.jpg 300w, https:\/\/diter.com\/wp-content\/uploads\/2022\/03\/IMG_20220222_145944-1024x628.jpg 1024w, https:\/\/diter.com\/wp-content\/uploads\/2022\/03\/IMG_20220222_145944-768x471.jpg 768w, https:\/\/diter.com\/wp-content\/uploads\/2022\/03\/IMG_20220222_145944-1536x942.jpg 1536w, https:\/\/diter.com\/wp-content\/uploads\/2022\/03\/IMG_20220222_145944-2048x1256.jpg 2048w, https:\/\/diter.com\/wp-content\/uploads\/2022\/03\/IMG_20220222_145944-80x50.jpg 80w\" sizes=\"auto, (max-width: 300px) 100vw, 300px\" \/><\/a><\/p>\n<p>Contacts and inquiries tel. 045 783 704 90<\/p>\n<hr \/>\n<p>&nbsp;<\/p>\n<\/div><\/div><\/div><div id=\"pgc-6651-1-1\"  class=\"panel-grid-cell\" ><div id=\"panel-6651-1-1-0\" class=\"so-panel widget widget_black-studio-tinymce widget_black_studio_tinymce panel-first-child panel-last-child\" data-index=\"2\" ><h3 class=\"widget-title\">At Diter Oy's premises<\/h3><div class=\"textwidget\"><p><strong>UKV devices, 3 pcs<br \/>\n<\/strong> *auction*<\/p>\n<p><strong>Interference DIT-83<br \/>\n<\/strong>price \u20ac600.00 VAT 0%<\/p>\n<p><strong>Interference DIT-941<br \/>\n<\/strong>price \u20ac950.00 VAT 0%<\/p>\n<p><strong>Interference DIT-941<br \/>\n<\/strong>price \u20ac950.00 VAT 0%<\/p>\n<p><strong>Interference DIT-941<br \/>\n<\/strong>price \u20ac950.00 VAT 0%<\/p>\n<p><strong>Microprosessor 1082<\/strong><br \/>\nprice \u20ac700.00 VAT 0%<\/p>\n<p><strong>TNS Clinic<br \/>\n<\/strong>price \u20ac350.00 VAT 0%<\/p>\n<p><strong>TNS Clinic S<br \/>\n<\/strong>price \u20ac450.00 VAT 0%<\/p>\n<p><strong>HVS<br \/>\n<\/strong>*auction*<\/p>\n<p><strong><br \/>\n<\/strong><del><\/del><\/p>\n<p><strong>\u00a0<\/strong><\/p>\n<\/div><\/div><\/div><\/div><\/div>","protected":false},"excerpt":{"rendered":"<p>Alla l\u00f6yd\u00e4t t\u00e4m\u00e4n hetkiset myynniss\u00e4\/v\u00e4lityksess\u00e4 olevat laitteemme. Lis\u00e4tiedot voi kysy\u00e4 suoraan myyj\u00e4lt\u00e4. Laitteiden mahdolliset ennalta ilmoitetut hinnat ovat alv 0% hintoja. Tarjoamme kolmen (3) kk takuun huolletuille k\u00e4ytetyille laitteillemme, mik\u00e4li laite tulee meille huoltoon ja tarkistukseen ennen omistajan vaihtumista. Mik\u00e4li &hellip; <a href=\"https:\/\/diter.com\/en\/laitteet\/kaytetyt-laitteet\/olen-ostamassa\/\">Continued<\/a><\/p>","protected":false},"author":4,"featured_media":0,"parent":1523,"menu_order":5,"comment_status":"closed","ping_status":"closed","template":"page-fullwidth.php","meta":{"footnotes":""},"class_list":["post-6651","page","type-page","status-publish","hentry"],"_links":{"self":[{"href":"https:\/\/diter.com\/en\/wp-json\/wp\/v2\/pages\/6651","targetHints":{"allow":["GET"]}}],"collection":[{"href":"https:\/\/diter.com\/en\/wp-json\/wp\/v2\/pages"}],"about":[{"href":"https:\/\/diter.com\/en\/wp-json\/wp\/v2\/types\/page"}],"author":[{"embeddable":true,"href":"https:\/\/diter.com\/en\/wp-json\/wp\/v2\/users\/4"}],"replies":[{"embeddable":true,"href":"https:\/\/diter.com\/en\/wp-json\/wp\/v2\/comments?post=6651"}],"version-history":[{"count":5,"href":"https:\/\/diter.com\/en\/wp-json\/wp\/v2\/pages\/6651\/revisions"}],"predecessor-version":[{"id":6664,"href":"https:\/\/diter.com\/en\/wp-json\/wp\/v2\/pages\/6651\/revisions\/6664"}],"up":[{"embeddable":true,"href":"https:\/\/diter.com\/en\/wp-json\/wp\/v2\/pages\/1523"}],"wp:attachment":[{"href":"https:\/\/diter.com\/en\/wp-json\/wp\/v2\/media?parent=6651"}],"curies":[{"name":"wp","href":"https:\/\/api.w.org\/{rel}","templated":true}]}}